{"id":456,"date":"2018-07-19T22:07:05","date_gmt":"2018-07-19T22:07:05","guid":{"rendered":"http:\/\/congregaciondesantacruz.cl\/new\/?page_id=456"},"modified":"2025-08-19T13:47:23","modified_gmt":"2025-08-19T13:47:23","slug":"parroquias","status":"publish","type":"page","link":"http:\/\/congregaciondesantacruz.cl\/new\/parroquias\/","title":{"rendered":"Parroquias"},"content":{"rendered":"<p>[et_pb_section fb_built=\u00bb1&#8243; custom_padding_last_edited=\u00bbon|phone\u00bb admin_label=\u00bbsection\u00bb _builder_version=\u00bb3.22&#8243; custom_margin=\u00bb|||\u00bb custom_padding=\u00bb0px|||\u00bb custom_padding_tablet=\u00bb0px|||\u00bb custom_padding_phone=\u00bb0px|||\u00bb fb_built=\u00bb1&#8243; bb_built=\u00bb1&#8243; _i=\u00bb0&#8243; _address=\u00bb0&#8243;][et_pb_row column_structure=\u00bb1_4,1_2,1_4&#8243; custom_padding_last_edited=\u00bbon|phone\u00bb _builder_version=\u00bb3.25&#8243; custom_margin_last_edited=\u00bbon|phone\u00bb custom_padding=\u00bb|||30px\u00bb custom_padding_tablet=\u00bb|||1px\u00bb custom_padding_phone=\u00bb|||5px\u00bb _i=\u00bb0&#8243; _address=\u00bb0.0&#8243;][et_pb_column type=\u00bb1_4&#8243; _builder_version=\u00bb3.0.47&#8243; custom_padding=\u00bb|50px||\u00bb custom_padding_tablet=\u00bb|0px||\u00bb custom_padding_phone=\u00bb|0px||\u00bb custom_padding_last_edited=\u00bbon|tablet\u00bb padding_phone=\u00bb|0px||\u00bb padding_tablet=\u00bb|0px||\u00bb padding_last_edited=\u00bbon|tablet\u00bb padding_right=\u00bb50px\u00bb custom_padding__hover=\u00bb|||\u00bb _i=\u00bb0&#8243; _address=\u00bb0.0.0&#8243;][et_pb_sidebar area=\u00bbet_pb_widget_area_2&#8243; disabled_on=\u00bbon|on|off\u00bb admin_label=\u00bbBarra lateral vocaciones\u00bb _builder_version=\u00bb3.29.3&#8243; header_text_align=\u00bbleft\u00bb header_text_color=\u00bb#c39d63&#8243; header_font_size=\u00bb15&#8243; text_orientation=\u00bbleft\u00bb _i=\u00bb0&#8243; _address=\u00bb0.0.0.0&#8243;]<br \/>\n[\/et_pb_sidebar][\/et_pb_column][et_pb_column type=\u00bb1_2&#8243; module_class=\u00bbcolumnaDos\u00bb _builder_version=\u00bb3.0.47&#8243; custom_padding=\u00bb|||\u00bb custom_padding__hover=\u00bb|||\u00bb _i=\u00bb1&#8243; _address=\u00bb0.0.1&#8243;][et_pb_post_title meta=\u00bboff\u00bb featured_image=\u00bboff\u00bb _builder_version=\u00bb3.0.106&#8243; _i=\u00bb0&#8243; _address=\u00bb0.0.1.0&#8243;]<br \/>\n[\/et_pb_post_title][et_pb_divider color=\u00bb#c39d63&#8243; divider_weight=\u00bb3px\u00bb _builder_version=\u00bb3.2&#8243; max_width=\u00bb60px\u00bb module_alignment=\u00bbleft\u00bb height=\u00bb20px\u00bb custom_margin=\u00bb|||\u00bb custom_padding=\u00bb|||\u00bb global_module=\u00bb409&#8243; saved_tabs=\u00bball\u00bb locked=\u00bboff\u00bb text_orientation=\u00bbjustified\u00bb _i=\u00bb1&#8243; _address=\u00bb0.0.1.1&#8243;]<\/p>\n<p>\u00a0<\/p>\n<p>[\/et_pb_divider][et_pb_text disabled_on=\u00bboff|off|off\u00bb _builder_version=\u00bb3.29.3&#8243; text_orientation=\u00bbjustified\u00bb custom_margin=\u00bb30px|||\u00bb z_index_tablet=\u00bb500&#8243; hover_enabled=\u00bb0&#8243; text_font_size_tablet=\u00bb12px\u00bb text_font_size_last_edited=\u00bbon|phone\u00bb text_line_height_tablet=\u00bb1.5em\u00bb text_line_height_phone=\u00bb1.4em\u00bb text_line_height_last_edited=\u00bbon|tablet\u00bb text_text_shadow_horizontal_length_tablet=\u00bb0px\u00bb text_text_shadow_vertical_length_tablet=\u00bb0px\u00bb text_text_shadow_blur_strength_tablet=\u00bb1px\u00bb link_text_shadow_horizontal_length_tablet=\u00bb0px\u00bb link_text_shadow_vertical_length_tablet=\u00bb0px\u00bb link_text_shadow_blur_strength_tablet=\u00bb1px\u00bb ul_text_shadow_horizontal_length_tablet=\u00bb0px\u00bb ul_text_shadow_vertical_length_tablet=\u00bb0px\u00bb ul_text_shadow_blur_strength_tablet=\u00bb1px\u00bb ol_text_shadow_horizontal_length_tablet=\u00bb0px\u00bb ol_text_shadow_vertical_length_tablet=\u00bb0px\u00bb ol_text_shadow_blur_strength_tablet=\u00bb1px\u00bb quote_text_shadow_horizontal_length_tablet=\u00bb0px\u00bb quote_text_shadow_vertical_length_tablet=\u00bb0px\u00bb quote_text_shadow_blur_strength_tablet=\u00bb1px\u00bb header_text_shadow_horizontal_length_tablet=\u00bb0px\u00bb header_text_shadow_vertical_length_tablet=\u00bb0px\u00bb header_text_shadow_blur_strength_tablet=\u00bb1px\u00bb header_2_text_shadow_horizontal_length_tablet=\u00bb0px\u00bb header_2_text_shadow_vertical_length_tablet=\u00bb0px\u00bb header_2_text_shadow_blur_strength_tablet=\u00bb1px\u00bb header_3_text_shadow_horizontal_length_tablet=\u00bb0px\u00bb header_3_text_shadow_vertical_length_tablet=\u00bb0px\u00bb header_3_text_shadow_blur_strength_tablet=\u00bb1px\u00bb header_4_text_shadow_horizontal_length_tablet=\u00bb0px\u00bb header_4_text_shadow_vertical_length_tablet=\u00bb0px\u00bb header_4_text_shadow_blur_strength_tablet=\u00bb1px\u00bb header_5_text_shadow_horizontal_length_tablet=\u00bb0px\u00bb header_5_text_shadow_vertical_length_tablet=\u00bb0px\u00bb header_5_text_shadow_blur_strength_tablet=\u00bb1px\u00bb header_6_text_shadow_horizontal_length_tablet=\u00bb0px\u00bb header_6_text_shadow_vertical_length_tablet=\u00bb0px\u00bb header_6_text_shadow_blur_strength_tablet=\u00bb1px\u00bb box_shadow_horizontal_tablet=\u00bb0px\u00bb box_shadow_vertical_tablet=\u00bb0px\u00bb box_shadow_blur_tablet=\u00bb40px\u00bb box_shadow_spread_tablet=\u00bb0px\u00bb _i=\u00bb2&#8243; _address=\u00bb0.0.1.2&#8243;]<\/p>\n<h4 class=\"texto\" style=\"text-align: left;\" align=\"center\"><strong>Una Parroquia de Santa Cruz<\/strong><\/h4>\n<ul>\n<li>Origen en el Carisma congregacional. Desde que el beato, Padre Basilio Moreau fund\u00f3 la Congregaci\u00f3n de Santa Cruz, su misi\u00f3n se ha caracterizado por el servicio a la Iglesia local.<\/li>\n<li>Su acci\u00f3n pastoral planificada y desarrollada para responder a las diferentes necesidades y desaf\u00edos del entorno social en que se encuentra la parroquia.<\/li>\n<li>Trabajo pastoral comunitario entre religiosos y laicos. Comunicaci\u00f3n y comuni\u00f3n.<\/li>\n<li>Vida sacramental. La celebraci\u00f3n de la vida y la fe por los sacramentos.<\/li>\n<li>Continuidad de la Pastoral. L\u00edneas centrales en la pastoral de la comunidad.<br \/> Educar en la fe.<\/li>\n<li>Variedad de talentos. La formaci\u00f3n laical es fundamental para el servicio, que van m\u00e1s all\u00e1 de los confines geogr\u00e1ficos de la parroquia.<\/li>\n<\/ul>\n<div class=\"Estilo5\" align=\"justify\">\n<hr \/>\n<\/div>\n<p>[\/et_pb_text][et_pb_text disabled_on=\u00bboff|off|off\u00bb _builder_version=\u00bb3.29.3&#8243; text_orientation=\u00bbjustified\u00bb z_index_tablet=\u00bb500&#8243; hover_enabled=\u00bb0&#8243; text_font_size_tablet=\u00bb12px\u00bb text_font_size_last_edited=\u00bbon|phone\u00bb text_line_height_tablet=\u00bb1.5em\u00bb text_line_height_phone=\u00bb1.4em\u00bb text_line_height_last_edited=\u00bbon|tablet\u00bb text_text_shadow_horizontal_length_tablet=\u00bb0px\u00bb text_text_shadow_vertical_length_tablet=\u00bb0px\u00bb text_text_shadow_blur_strength_tablet=\u00bb1px\u00bb link_text_shadow_horizontal_length_tablet=\u00bb0px\u00bb link_text_shadow_vertical_length_tablet=\u00bb0px\u00bb link_text_shadow_blur_strength_tablet=\u00bb1px\u00bb ul_text_shadow_horizontal_length_tablet=\u00bb0px\u00bb ul_text_shadow_vertical_length_tablet=\u00bb0px\u00bb ul_text_shadow_blur_strength_tablet=\u00bb1px\u00bb ol_text_shadow_horizontal_length_tablet=\u00bb0px\u00bb ol_text_shadow_vertical_length_tablet=\u00bb0px\u00bb ol_text_shadow_blur_strength_tablet=\u00bb1px\u00bb quote_text_shadow_horizontal_length_tablet=\u00bb0px\u00bb quote_text_shadow_vertical_length_tablet=\u00bb0px\u00bb quote_text_shadow_blur_strength_tablet=\u00bb1px\u00bb header_text_shadow_horizontal_length_tablet=\u00bb0px\u00bb header_text_shadow_vertical_length_tablet=\u00bb0px\u00bb header_text_shadow_blur_strength_tablet=\u00bb1px\u00bb header_2_text_shadow_horizontal_length_tablet=\u00bb0px\u00bb header_2_text_shadow_vertical_length_tablet=\u00bb0px\u00bb header_2_text_shadow_blur_strength_tablet=\u00bb1px\u00bb header_3_text_shadow_horizontal_length_tablet=\u00bb0px\u00bb header_3_text_shadow_vertical_length_tablet=\u00bb0px\u00bb header_3_text_shadow_blur_strength_tablet=\u00bb1px\u00bb header_4_text_shadow_horizontal_length_tablet=\u00bb0px\u00bb header_4_text_shadow_vertical_length_tablet=\u00bb0px\u00bb header_4_text_shadow_blur_strength_tablet=\u00bb1px\u00bb header_5_text_shadow_horizontal_length_tablet=\u00bb0px\u00bb header_5_text_shadow_vertical_length_tablet=\u00bb0px\u00bb header_5_text_shadow_blur_strength_tablet=\u00bb1px\u00bb header_6_text_shadow_horizontal_length_tablet=\u00bb0px\u00bb header_6_text_shadow_vertical_length_tablet=\u00bb0px\u00bb header_6_text_shadow_blur_strength_tablet=\u00bb1px\u00bb box_shadow_horizontal_tablet=\u00bb0px\u00bb box_shadow_vertical_tablet=\u00bb0px\u00bb box_shadow_blur_tablet=\u00bb40px\u00bb box_shadow_spread_tablet=\u00bb0px\u00bb _i=\u00bb3&#8243; _address=\u00bb0.0.1.3&#8243;]<\/p>\n<h4><strong><br \/> Parroquia Nuestra Se\u00f1ora de la Merced, Calle Larga\u00a0<\/strong><\/h4>\n<p>En 1740 se funda el poblado de San Felipe en la ribera norte del Valle del R\u00edo Aconcagua, como estaci\u00f3n intermedia internacional entre Argentina y Chile. En 1791, es fundada la Villa Santa Rosa de Los Andes y comienza a desarrollarse un continuo movimiento comercial, con posadas, negocios de abastecimiento y casas para arrieros; obligando a crear los servicios administrativos, judicial y policial.<\/p>\n<p>Con el nuevo poblado se estudia tambi\u00e9n un camino m\u00e1s expedito y directo hacia la Cuesta de Chacabuco, inaugur\u00e1ndose en 1792 la denominada \u00abCalle Larga\u00bb. En 1864 se erige una iglesia junto al camino y frente a una plazuela, dependiente de la Parroquia de Santa Rosa de Los Andes. El 22 de diciembre de 1891 se crea la Municipalidad de Calle Larga. En 1941 ante la existencia de varias capillas rurales, se crea la Parroquia de Calle Larga.<\/p>\n<p>\u200b\u200bP\u00e1rroco: Rev. P. Roberto Gilbo Povish C.S.C<br \/> Direcci\u00f3n: Calle Larga N\u00b02113, Calle Larga, San Felipe<br \/> Fono: (34) 2461684<br \/> Fiestas Religiosas:\u00a0Fiesta de Cuasimodo &#8211; Semana Santa \/ Fiesta de La Merced &#8211; 24 de septiembre<br \/> Link:\u00a0<a href=\"https:\/\/obispadosanfelipe.cl\/2020\/nuestra-senora-de-la-merced-1941-calle-larga\/\" target=\"_blank\" rel=\"noopener noreferrer\">https:\/\/obispadosanfelipe.cl\/2020\/nuestra-senora-de-la-merced-1941-calle-larga\/<\/a><\/p>\n<p><img loading=\"lazy\" class=\"alignnone wp-image-2294\" src=\"http:\/\/congregaciondesantacruz.cl\/new\/wp-content\/uploads\/2021\/08\/Parroquia-Calle-Larga.jpg\" alt=\"\" width=\"500\" height=\"281\" \/><\/p>\n<hr \/>\n<h4><strong><br \/> \u200bParroquia Nuestra Se\u00f1ora de Andacollo\u200b, Santiago<\/strong><\/h4>\n<p>Nuestra Se\u00f1ora de Andacollo es una advocaci\u00f3n mariana, cuya imagen se venera en el Santuario de Nuestra Se\u00f1ora de Andacollo, en la precordillera de la Regi\u00f3n de Coquimbo en Chile. Su origen se remonta a la peque\u00f1a imagen que, seg\u00fan la tradici\u00f3n, encontr\u00f3 un ind\u00edgena en las cercan\u00edas del mineral de Andacollo, al inicio de la conquista espa\u00f1ola.<\/p>\n<p>La parroquia Nuestra Se\u00f1ora de Andacollo comenz\u00f3 como una capilla y fue erigida como parroquia en 1902. El templo que se mantiene en pie hasta hoy fue construido en 1912. Fue la primera parroquia insertada en un barrio de escasos recursos, hoy sigue siendo un barrio pobre con muchos adultos mayores y ahora cada vez m\u00e1s inmigrantes.<\/p>\n<p>\u200b\u200bP\u00e1rroco: Rev. P. R\u00f3mulo Vera<br \/> Direcci\u00f3n: Mapocho 2325, Santiago<br \/> Fono:\u00a0(56 \u200b\u200b2) 2698 8396<br \/> Link:\u00a0<a href=\"https:\/\/parroquiansa.cl\/\" target=\"_blank\" rel=\"noopener noreferrer\">https:\/\/parroquiansa.cl\/<\/a><\/p>\n<p><img loading=\"lazy\" class=\"alignnone size-full wp-image-2295\" src=\"http:\/\/congregaciondesantacruz.cl\/new\/wp-content\/uploads\/2021\/08\/Parroquia-Nta-Sra-Andacollo.jpg\" alt=\"\" width=\"365\" height=\"365\" srcset=\"http:\/\/congregaciondesantacruz.cl\/new\/wp-content\/uploads\/2021\/08\/Parroquia-Nta-Sra-Andacollo.jpg 365w, http:\/\/congregaciondesantacruz.cl\/new\/wp-content\/uploads\/2021\/08\/Parroquia-Nta-Sra-Andacollo-300x300.jpg 300w, http:\/\/congregaciondesantacruz.cl\/new\/wp-content\/uploads\/2021\/08\/Parroquia-Nta-Sra-Andacollo-150x150.jpg 150w\" sizes=\"(max-width: 365px) 100vw, 365px\" \/><\/p>\n<hr \/>\n<h4><strong><br \/> Parroquia San Roque, Pe\u00f1alol\u00e9n<\/strong><\/h4>\n<p>Fue fundada por la Congregaci\u00f3n de Santa Cruz en 1949 sobre la base de un trabajo social que hac\u00edan los alumnos, profesores y religiosos del Saint George\u2019s College. Su primer p\u00e1rroco fue el P. Joseph Doherty C.S.C. quien fue uno de los tres primeros religiosos que llegaron a Chile<\/p>\n<p>La parroquia cuenta con cinco comunidades eclesiales de base. Ellas son San Daniel, San Carlos, Nuestra Se\u00f1ora del Carme, Santa Teresa de Jes\u00fas, y la sede parroquial. Cada comunidad tiene una amplia variedad de actividades que van desde la formaci\u00f3n pastoral, sacramental, juvenil, y social. Tiene un valioso trabajo con la familia, en la formaci\u00f3n de laicos, y en la catequesis familiar.<\/p>\n<p>P\u00e1rroco: Rev. Padre Pedro Parra C.S.C<br \/> Direcci\u00f3n: Los Guindos 5771, Pe\u00f1alol\u00e9n, Santiago<br \/> Fono: (<a href=\"tel:+56222771119\">56 2) 22771119<\/a><br \/> Link: <a href=\"https:\/\/www.iglesiadesantiago.cl\/parroquias\/san-roque\" target=\"_blank\" rel=\"noopener noreferrer\">https:\/\/www.iglesiadesantiago.cl\/parroquias\/san-roque<\/a><\/p>\n<p><img loading=\"lazy\" class=\"alignnone size-full wp-image-2296\" src=\"https:\/\/congregaciondesantacruz.cl\/new\/wp-content\/uploads\/2021\/08\/Parroquia-San-Roque.jpg\" alt=\"\" width=\"499\" height=\"280\" srcset=\"http:\/\/congregaciondesantacruz.cl\/new\/wp-content\/uploads\/2021\/08\/Parroquia-San-Roque.jpg 499w, http:\/\/congregaciondesantacruz.cl\/new\/wp-content\/uploads\/2021\/08\/Parroquia-San-Roque-300x168.jpg 300w, http:\/\/congregaciondesantacruz.cl\/new\/wp-content\/uploads\/2021\/08\/Parroquia-San-Roque-480x269.jpg 480w\" sizes=\"(max-width: 499px) 100vw, 499px\" \/><\/p>\n<hr \/>\n<h4><strong>Parroquia\u00a0<\/strong><strong>El Se\u00f1or de la Esperanza \u2013 Per\u00fa<\/strong><\/h4>\n<p><span style=\"font-weight: 400;\">La Parroquia El Se\u00f1or de la Esperanza es la m\u00e1s grande del distrito y provincia de Lima, con 18 capillas y un santuario, ofreciendo un espacio de encuentro con Dios y la comunidad. Como parte de la Congregaci\u00f3n de Santa Cruz, nuestra misi\u00f3n es compartir la fe y la esperanza en Cristo, siguiendo los valores del Evangelio y trabajando en armon\u00eda con la Iglesia universal y diocesana.<\/span><\/p>\n<p><span style=\"font-weight: 400;\">Nuestra parroquia no solo es un lugar de culto, sino un centro de desarrollo humano y espiritual para cada feligr\u00e9s. Inspirados por el carisma de la Congregaci\u00f3n de Santa Cruz, promovemos una opci\u00f3n preferencial por los pobres y marginados, asegurando que nuestra fe se traduzca en acciones concretas de solidaridad y servicio.<\/span><\/p>\n<p style=\"text-align: left;\"><span style=\"font-weight: 400;\">P\u00e1rroco: Rev. Padre An\u00edbal Ni\u00f1o Loarte, C.S.C<br \/> <\/span><span style=\"font-weight: 400;\">Direcci\u00f3n: Jr. Pacasamayo 182 (altura paradero 1 de Huascar &#8211; Av. Canto Grande paradero 10), San Juan de Lurigancho, Lima, Peru.<br \/> Link:\u00a0<a href=\"https:\/\/www.facebook.com\/parroquiaelsrdelaesperanza\/?locale=es_LA\">https:\/\/www.facebook.com\/parroquiaelsrdelaesperanza\/?locale=es_LA<\/a><br \/> <\/span><\/p>\n<p>[\/et_pb_text][et_pb_divider color=\u00bb#c39d63&#8243; divider_weight=\u00bb3px\u00bb _builder_version=\u00bb3.2&#8243; max_width=\u00bb60px\u00bb module_alignment=\u00bbleft\u00bb height=\u00bb20px\u00bb custom_margin=\u00bb|||\u00bb custom_padding=\u00bb|||\u00bb global_module=\u00bb409&#8243; saved_tabs=\u00bball\u00bb locked=\u00bboff\u00bb text_orientation=\u00bbjustified\u00bb _i=\u00bb1&#8243; _address=\u00bb0.0.1.1&#8243;]<\/p>\n<p>\u00a0<\/p>\n<p>[\/et_pb_divider][\/et_pb_column][et_pb_column type=\u00bb1_4&#8243; _builder_version=\u00bb3.0.47&#8243; custom_padding=\u00bb|||\u00bb custom_padding__hover=\u00bb|||\u00bb _i=\u00bb2&#8243; _address=\u00bb0.0.2&#8243;][et_pb_sidebar orientation=\u00bbright\u00bb area=\u00bbsidebar-1&#8243; disabled_on=\u00bbon|on|off\u00bb _builder_version=\u00bb3.29.3&#8243; header_font=\u00bb|||on|||||\u00bb header_text_color=\u00bb#c39d63&#8243; header_font_size=\u00bb15px\u00bb body_font=\u00bb||||||||\u00bb body_line_height=\u00bb1.5em\u00bb global_module=\u00bb382&#8243; saved_tabs=\u00bball\u00bb _i=\u00bb0&#8243; _address=\u00bb0.0.2.0&#8243;][\/et_pb_sidebar][\/et_pb_column][\/et_pb_row][\/et_pb_section][et_pb_section fb_built=\u00bb1&#8243; custom_padding_last_edited=\u00bbon|phone\u00bb admin_label=\u00bbsection\u00bb _builder_version=\u00bb3.22&#8243; custom_margin=\u00bb|||\u00bb custom_padding=\u00bb0px|||\u00bb custom_padding_tablet=\u00bb0px|||\u00bb custom_padding_phone=\u00bb0px|||\u00bb fb_built=\u00bb1&#8243; bb_built=\u00bb1&#8243; _i=\u00bb1&#8243; _address=\u00bb1&#8243;][\/et_pb_section]<\/p>\n","protected":false},"excerpt":{"rendered":"<p>[et_pb_section fb_built=\u00bb1&#8243; custom_padding_last_edited=\u00bbon|phone\u00bb admin_label=\u00bbsection\u00bb _builder_version=\u00bb3.22&#8243; custom_margin=\u00bb|||\u00bb custom_padding=\u00bb0px|||\u00bb custom_padding_tablet=\u00bb0px|||\u00bb custom_padding_phone=\u00bb0px|||\u00bb fb_built=\u00bb1&#8243; bb_built=\u00bb1&#8243; _i=\u00bb0&#8243; _address=\u00bb0&#8243;][et_pb_row column_structure=\u00bb1_4,1_2,1_4&#8243; custom_padding_last_edited=\u00bbon|phone\u00bb _builder_version=\u00bb3.25&#8243; custom_margin_last_edited=\u00bbon|phone\u00bb custom_padding=\u00bb|||30px\u00bb custom_padding_tablet=\u00bb|||1px\u00bb custom_padding_phone=\u00bb|||5px\u00bb _i=\u00bb0&#8243; _address=\u00bb0.0&#8243;][et_pb_column type=\u00bb1_4&#8243; _builder_version=\u00bb3.0.47&#8243; custom_padding=\u00bb|50px||\u00bb custom_padding_tablet=\u00bb|0px||\u00bb custom_padding_phone=\u00bb|0px||\u00bb custom_padding_last_edited=\u00bbon|tablet\u00bb padding_phone=\u00bb|0px||\u00bb padding_tablet=\u00bb|0px||\u00bb padding_last_edited=\u00bbon|tablet\u00bb padding_right=\u00bb50px\u00bb custom_padding__hover=\u00bb|||\u00bb _i=\u00bb0&#8243; _address=\u00bb0.0.0&#8243;][et_pb_sidebar area=\u00bbet_pb_widget_area_2&#8243; disabled_on=\u00bbon|on|off\u00bb admin_label=\u00bbBarra lateral vocaciones\u00bb _builder_version=\u00bb3.29.3&#8243; header_text_align=\u00bbleft\u00bb header_text_color=\u00bb#c39d63&#8243; header_font_size=\u00bb15&#8243; text_orientation=\u00bbleft\u00bb _i=\u00bb0&#8243; _address=\u00bb0.0.0.0&#8243;] [\/et_pb_sidebar][\/et_pb_column][et_pb_column type=\u00bb1_2&#8243; module_class=\u00bbcolumnaDos\u00bb _builder_version=\u00bb3.0.47&#8243; custom_padding=\u00bb|||\u00bb custom_padding__hover=\u00bb|||\u00bb _i=\u00bb1&#8243; _address=\u00bb0.0.1&#8243;][et_pb_post_title [&hellip;]<\/p>\n","protected":false},"author":1,"featured_media":0,"parent":0,"menu_order":0,"comment_status":"closed","ping_status":"closed","template":"","meta":{"_et_pb_use_builder":"on","_et_pb_old_content":""},"_links":{"self":[{"href":"http:\/\/congregaciondesantacruz.cl\/new\/wp-json\/wp\/v2\/pages\/456"}],"collection":[{"href":"http:\/\/congregaciondesantacruz.cl\/new\/wp-json\/wp\/v2\/pages"}],"about":[{"href":"http:\/\/congregaciondesantacruz.cl\/new\/wp-json\/wp\/v2\/types\/page"}],"author":[{"embeddable":true,"href":"http:\/\/congregaciondesantacruz.cl\/new\/wp-json\/wp\/v2\/users\/1"}],"replies":[{"embeddable":true,"href":"http:\/\/congregaciondesantacruz.cl\/new\/wp-json\/wp\/v2\/comments?post=456"}],"version-history":[{"count":17,"href":"http:\/\/congregaciondesantacruz.cl\/new\/wp-json\/wp\/v2\/pages\/456\/revisions"}],"predecessor-version":[{"id":3111,"href":"http:\/\/congregaciondesantacruz.cl\/new\/wp-json\/wp\/v2\/pages\/456\/revisions\/3111"}],"wp:attachment":[{"href":"http:\/\/congregaciondesantacruz.cl\/new\/wp-json\/wp\/v2\/media?parent=456"}],"curies":[{"name":"wp","href":"https:\/\/api.w.org\/{rel}","templated":true}]}}