{"id":51,"date":"2018-05-29T15:34:03","date_gmt":"2018-05-29T15:34:03","guid":{"rendered":"http:\/\/congregaciondesantacruz.cl\/new\/?page_id=51"},"modified":"2021-10-22T19:44:03","modified_gmt":"2021-10-22T19:44:03","slug":"galeria-de-imagenes","status":"publish","type":"page","link":"http:\/\/congregaciondesantacruz.cl\/new\/galeria-de-imagenes\/","title":{"rendered":"Galer\u00eda de Im\u00e1genes"},"content":{"rendered":"<p>[et_pb_section fb_built=\u00bb1&#8243; custom_padding_last_edited=\u00bbon|phone\u00bb admin_label=\u00bbsection\u00bb _builder_version=\u00bb3.22&#8243; custom_margin=\u00bb|||\u00bb custom_padding=\u00bb0px|||\u00bb custom_padding_tablet=\u00bb0px|||\u00bb custom_padding_phone=\u00bb0px|||\u00bb bb_built=\u00bb1&#8243; _i=\u00bb0&#8243; _address=\u00bb0&#8243;][et_pb_row custom_padding_last_edited=\u00bbon|phone\u00bb _builder_version=\u00bb3.25&#8243; custom_margin_last_edited=\u00bbon|phone\u00bb custom_padding=\u00bb|||30px\u00bb custom_padding_tablet=\u00bb|||1px\u00bb custom_padding_phone=\u00bb|||5px\u00bb _i=\u00bb0&#8243; _address=\u00bb0.0&#8243; column_structure=\u00bb1_4,1_2,1_4&#8243;][et_pb_column type=\u00bb1_4&#8243; _builder_version=\u00bb3.25&#8243; custom_padding=\u00bb|50px||\u00bb custom_padding_tablet=\u00bb|0px||\u00bb custom_padding_phone=\u00bb|0px||\u00bb custom_padding_last_edited=\u00bbon|tablet\u00bb _i=\u00bb0&#8243; _address=\u00bb0.0.0&#8243; custom_padding__hover=\u00bb|||\u00bb][et_pb_sidebar area=\u00bbet_pb_widget_area_5&#8243; disabled_on=\u00bbon|on|off\u00bb admin_label=\u00bbBarra lateral vocaciones\u00bb _builder_version=\u00bb3.29.3&#8243; header_text_align=\u00bbleft\u00bb header_text_color=\u00bb#c39d63&#8243; header_font_size=\u00bb15&#8243; text_orientation=\u00bbleft\u00bb hover_enabled=\u00bb0&#8243; _i=\u00bb0&#8243; _address=\u00bb0.0.0.0&#8243;][\/et_pb_sidebar][\/et_pb_column][et_pb_column type=\u00bb1_2&#8243; module_class=\u00bbcolumnaDos\u00bb _builder_version=\u00bb3.25&#8243; custom_padding=\u00bb|||\u00bb _i=\u00bb1&#8243; _address=\u00bb0.0.1&#8243; custom_padding__hover=\u00bb|||\u00bb][et_pb_post_title meta=\u00bboff\u00bb featured_image=\u00bboff\u00bb _builder_version=\u00bb3.0.106&#8243; _i=\u00bb0&#8243; _address=\u00bb0.0.1.0&#8243;][\/et_pb_post_title][et_pb_divider color=\u00bb#c39d63&#8243; divider_weight=\u00bb3px\u00bb _builder_version=\u00bb3.2&#8243; max_width=\u00bb60px\u00bb module_alignment=\u00bbleft\u00bb height=\u00bb20px\u00bb custom_margin=\u00bb|||\u00bb custom_padding=\u00bb|||\u00bb global_module=\u00bb409&#8243; saved_tabs=\u00bball\u00bb locked=\u00bboff\u00bb _i=\u00bb1&#8243; _address=\u00bb0.0.1.1&#8243;]<\/p>\n<p>\u00a0<\/p>\n<p>[\/et_pb_divider][et_pb_text disabled_on=\u00bboff|off|off\u00bb _builder_version=\u00bb3.29.3&#8243; text_orientation=\u00bbjustified\u00bb hover_enabled=\u00bb0&#8243; text_font_size_tablet=\u00bb12px\u00bb text_font_size_last_edited=\u00bbon|phone\u00bb text_line_height_tablet=\u00bb1.5em\u00bb text_line_height_phone=\u00bb1.4em\u00bb text_line_height_last_edited=\u00bbon|tablet\u00bb _i=\u00bb2&#8243; _address=\u00bb0.0.1.2&#8243;]<\/p>\n<p><img loading=\"lazy\" class=\"alignleft wp-image-1568 size-full\" src=\"http:\/\/congregaciondesantacruz.cl\/new\/wp-content\/uploads\/2019\/08\/encuentro-colaboradores-2.jpg\" alt=\"\" width=\"100\" height=\"75\" \/><\/p>\n<p><a href=\"https:\/\/photos.app.goo.gl\/PnuC85ZjgdThg3Kt9\" target=\"_blank\" rel=\"noopener noreferrer\">XIII Encuentro de Colaboradores de la Misi\u00f3n de Santa Cruz en Chile 2019<\/a><\/p>\n<p>&nbsp;<\/p>\n<p> <img loading=\"lazy\" class=\"alignleft wp-image-1449 size-full\" src=\"http:\/\/congregaciondesantacruz.cl\/new\/wp-content\/uploads\/2018\/12\/Communidad-de-Formacion-20.jpg\" alt=\"\" width=\"100\" height=\"75\" \/><\/p>\n<p><a href=\"https:\/\/photos.app.goo.gl\/QHwYNHXXt3LZ7Cg86\" target=\"_blank\" rel=\"noopener noreferrer\">Formaci\u00f3n en Santa Cruz en Chile<\/a><\/p>\n<p>&nbsp;<\/p>\n<p>&nbsp;<\/p>\n<p><img loading=\"lazy\" class=\"alignleft wp-image-1245 size-full\" src=\"http:\/\/congregaciondesantacruz.cl\/new\/wp-content\/uploads\/2018\/08\/11-1.jpg\" alt=\"\" width=\"100\" height=\"75\" \/><\/p>\n<p><a href=\"https:\/\/photos.app.goo.gl\/G2AAZ83Vf7PZZAP49\" target=\"_blank\" rel=\"noopener noreferrer\">VIII Encuentro de Colaboradores en la Misi\u00f3n de Santa Cruz en Chile<\/a><\/p>\n<p>&nbsp;<\/p>\n<p><img loading=\"lazy\" class=\"alignleft wp-image-1247 size-full\" src=\"http:\/\/congregaciondesantacruz.cl\/new\/wp-content\/uploads\/2018\/08\/1-1.jpg\" alt=\"\" width=\"100\" height=\"75\" \/><\/p>\n<p><a href=\"https:\/\/photos.app.goo.gl\/EswPrX4ihsKAoDfQ8\" target=\"_blank\" rel=\"noopener noreferrer\">Ordenaci\u00f3n Diaconal de Rodrigo Valenzuela R\u00edos, CSC<\/a><\/p>\n<p>&nbsp;<\/p>\n<p>&nbsp;<\/p>\n<p><img loading=\"lazy\" class=\"alignleft wp-image-1248 size-full\" src=\"http:\/\/congregaciondesantacruz.cl\/new\/wp-content\/uploads\/2018\/08\/2-1.jpg\" alt=\"\" width=\"100\" height=\"75\" \/><\/p>\n<p><a href=\"https:\/\/photos.app.goo.gl\/2WBm46JVQXyC4Mky9\" target=\"_blank\" rel=\"noopener noreferrer\">Celebraci\u00f3n Eucar\u00edstica de los 75 A\u00f1os del Saint George\u00b4s College<\/a><\/p>\n<p>&nbsp;<\/p>\n<p><img loading=\"lazy\" class=\"alignleft wp-image-1380 size-full\" src=\"http:\/\/congregaciondesantacruz.cl\/new\/wp-content\/uploads\/2018\/09\/Ordenacdia2.jpg\" alt=\"\" width=\"100\" height=\"75\" \/><\/p>\n<p><a href=\"https:\/\/photos.app.goo.gl\/kYMqzN4JS9WbZAme9\" target=\"_blank\" rel=\"noopener noreferrer\">Ordenaci\u00f3n Sacerdotal de P. Rodrigo Valenzuela R\u00edos,CSC<\/a><\/p>\n<p>&nbsp;<\/p>\n<p><img loading=\"lazy\" class=\"alignleft wp-image-1249 size-full\" src=\"http:\/\/congregaciondesantacruz.cl\/new\/wp-content\/uploads\/2018\/08\/Caminata000.jpg\" alt=\"\" width=\"100\" height=\"75\" \/><\/p>\n<p><a href=\"https:\/\/photos.app.goo.gl\/C8gZi5GAqR9ZcPmy7\" target=\"_blank\" rel=\"noopener noreferrer\">Caminata para Celebrar Primer Aniversario de Canonizaci\u00f3n de San Andr\u00e9s Bessette<\/a><\/p>\n<p>&nbsp;<\/p>\n<p><img loading=\"lazy\" class=\"alignleft wp-image-1251 size-full\" src=\"http:\/\/congregaciondesantacruz.cl\/new\/wp-content\/uploads\/2018\/08\/africa-00.jpg\" alt=\"\" width=\"100\" height=\"75\" \/><\/p>\n<p><a href=\"https:\/\/photos.app.goo.gl\/xihqVF88qNp5iLZW7\" target=\"_blank\" rel=\"noopener noreferrer\">Misi\u00f3n a Africa<\/a><\/p>\n<p>&nbsp;<\/p>\n<p>[\/et_pb_text][et_pb_divider color=\u00bb#c39d63&#8243; divider_weight=\u00bb3px\u00bb _builder_version=\u00bb3.2&#8243; max_width=\u00bb60px\u00bb module_alignment=\u00bbleft\u00bb height=\u00bb20px\u00bb custom_margin=\u00bb|||\u00bb custom_padding=\u00bb|||\u00bb global_module=\u00bb409&#8243; saved_tabs=\u00bball\u00bb locked=\u00bboff\u00bb _i=\u00bb1&#8243; _address=\u00bb0.0.1.1&#8243;]<\/p>\n<p>\u00a0<\/p>\n<p>[\/et_pb_divider][\/et_pb_column][et_pb_column type=\u00bb1_4&#8243; _builder_version=\u00bb3.25&#8243; custom_padding=\u00bb|||\u00bb _i=\u00bb2&#8243; _address=\u00bb0.0.2&#8243; custom_padding__hover=\u00bb|||\u00bb][et_pb_sidebar orientation=\u00bbright\u00bb area=\u00bbsidebar-1&#8243; disabled_on=\u00bbon|on|off\u00bb _builder_version=\u00bb3.29.3&#8243; header_font=\u00bb|||on|||||\u00bb header_text_color=\u00bb#c39d63&#8243; header_font_size=\u00bb15px\u00bb body_font=\u00bb||||||||\u00bb body_line_height=\u00bb1.5em\u00bb global_module=\u00bb382&#8243; saved_tabs=\u00bball\u00bb _i=\u00bb0&#8243; _address=\u00bb0.0.2.0&#8243;][\/et_pb_sidebar][\/et_pb_column][\/et_pb_row][\/et_pb_section]<\/p>\n","protected":false},"excerpt":{"rendered":"<p>[et_pb_section fb_built=\u00bb1&#8243; custom_padding_last_edited=\u00bbon|phone\u00bb admin_label=\u00bbsection\u00bb _builder_version=\u00bb3.22&#8243; custom_margin=\u00bb|||\u00bb custom_padding=\u00bb0px|||\u00bb custom_padding_tablet=\u00bb0px|||\u00bb custom_padding_phone=\u00bb0px|||\u00bb bb_built=\u00bb1&#8243; _i=\u00bb0&#8243; _address=\u00bb0&#8243;][et_pb_row custom_padding_last_edited=\u00bbon|phone\u00bb _builder_version=\u00bb3.25&#8243; custom_margin_last_edited=\u00bbon|phone\u00bb custom_padding=\u00bb|||30px\u00bb custom_padding_tablet=\u00bb|||1px\u00bb custom_padding_phone=\u00bb|||5px\u00bb _i=\u00bb0&#8243; _address=\u00bb0.0&#8243; column_structure=\u00bb1_4,1_2,1_4&#8243;][et_pb_column type=\u00bb1_4&#8243; _builder_version=\u00bb3.25&#8243; custom_padding=\u00bb|50px||\u00bb custom_padding_tablet=\u00bb|0px||\u00bb custom_padding_phone=\u00bb|0px||\u00bb custom_padding_last_edited=\u00bbon|tablet\u00bb _i=\u00bb0&#8243; _address=\u00bb0.0.0&#8243; custom_padding__hover=\u00bb|||\u00bb][et_pb_sidebar area=\u00bbet_pb_widget_area_5&#8243; disabled_on=\u00bbon|on|off\u00bb admin_label=\u00bbBarra lateral vocaciones\u00bb _builder_version=\u00bb3.29.3&#8243; header_text_align=\u00bbleft\u00bb header_text_color=\u00bb#c39d63&#8243; header_font_size=\u00bb15&#8243; text_orientation=\u00bbleft\u00bb hover_enabled=\u00bb0&#8243; _i=\u00bb0&#8243; _address=\u00bb0.0.0.0&#8243;][\/et_pb_sidebar][\/et_pb_column][et_pb_column type=\u00bb1_2&#8243; module_class=\u00bbcolumnaDos\u00bb _builder_version=\u00bb3.25&#8243; custom_padding=\u00bb|||\u00bb _i=\u00bb1&#8243; _address=\u00bb0.0.1&#8243; custom_padding__hover=\u00bb|||\u00bb][et_pb_post_title meta=\u00bboff\u00bb featured_image=\u00bboff\u00bb _builder_version=\u00bb3.0.106&#8243; _i=\u00bb0&#8243; _address=\u00bb0.0.1.0&#8243;][\/et_pb_post_title][et_pb_divider [&hellip;]<\/p>\n","protected":false},"author":1,"featured_media":0,"parent":0,"menu_order":0,"comment_status":"closed","ping_status":"closed","template":"","meta":{"_et_pb_use_builder":"on","_et_pb_old_content":""},"_links":{"self":[{"href":"http:\/\/congregaciondesantacruz.cl\/new\/wp-json\/wp\/v2\/pages\/51"}],"collection":[{"href":"http:\/\/congregaciondesantacruz.cl\/new\/wp-json\/wp\/v2\/pages"}],"about":[{"href":"http:\/\/congregaciondesantacruz.cl\/new\/wp-json\/wp\/v2\/types\/page"}],"author":[{"embeddable":true,"href":"http:\/\/congregaciondesantacruz.cl\/new\/wp-json\/wp\/v2\/users\/1"}],"replies":[{"embeddable":true,"href":"http:\/\/congregaciondesantacruz.cl\/new\/wp-json\/wp\/v2\/comments?post=51"}],"version-history":[{"count":17,"href":"http:\/\/congregaciondesantacruz.cl\/new\/wp-json\/wp\/v2\/pages\/51\/revisions"}],"predecessor-version":[{"id":2459,"href":"http:\/\/congregaciondesantacruz.cl\/new\/wp-json\/wp\/v2\/pages\/51\/revisions\/2459"}],"wp:attachment":[{"href":"http:\/\/congregaciondesantacruz.cl\/new\/wp-json\/wp\/v2\/media?parent=51"}],"curies":[{"name":"wp","href":"https:\/\/api.w.org\/{rel}","templated":true}]}}